{"id":919,"date":"2023-10-02T08:19:56","date_gmt":"2023-10-02T06:19:56","guid":{"rendered":"https:\/\/aulari.cat\/quienes-somos\/"},"modified":"2025-01-28T11:32:00","modified_gmt":"2025-01-28T10:32:00","slug":"quienes-somos","status":"publish","type":"page","link":"https:\/\/aulari.cat\/es\/quienes-somos\/","title":{"rendered":"Qui\u00e9nes somos"},"content":{"rendered":"\t\t<div data-elementor-type=\"wp-page\" data-elementor-id=\"919\" class=\"elementor elementor-919 elementor-196\" data-elementor-post-type=\"page\">\n\t\t\t\t<div class=\"elementor-element elementor-element-d625789 e-flex e-con-boxed e-con e-parent\" data-id=\"d625789\" data-element_type=\"container\" data-settings=\"{&quot;background_background&quot;:&quot;classic&quot;}\">\n\t\t\t\t\t<div class=\"e-con-inner\">\n\t\t<div class=\"elementor-element elementor-element-af60ace e-flex e-con-boxed e-con e-child\" data-id=\"af60ace\" data-element_type=\"container\">\n\t\t\t\t\t<div class=\"e-con-inner\">\n\t\t<div class=\"elementor-element elementor-element-35f7c2a e-con-full e-flex e-con e-child\" data-id=\"35f7c2a\" data-element_type=\"container\" data-settings=\"{&quot;background_background&quot;:&quot;classic&quot;,&quot;motion_fx_motion_fx_scrolling&quot;:&quot;yes&quot;,&quot;motion_fx_translateX_effect&quot;:&quot;yes&quot;,&quot;motion_fx_translateX_direction&quot;:&quot;negative&quot;,&quot;motion_fx_devices&quot;:[&quot;desktop&quot;,&quot;tablet&quot;],&quot;motion_fx_translateX_speed&quot;:{&quot;unit&quot;:&quot;px&quot;,&quot;size&quot;:4,&quot;sizes&quot;:[]},&quot;motion_fx_translateX_affectedRange&quot;:{&quot;unit&quot;:&quot;%&quot;,&quot;size&quot;:&quot;&quot;,&quot;sizes&quot;:{&quot;start&quot;:0,&quot;end&quot;:100}}}\">\n\t\t\t\t<div class=\"elementor-element elementor-element-31bccfa elementor-widget elementor-widget-heading\" data-id=\"31bccfa\" data-element_type=\"widget\" data-widget_type=\"heading.default\">\n\t\t\t\t\t<h1 class=\"elementor-heading-title elementor-size-default\">Qui\u00e9nes somos<\/h1>\t\t\t\t<\/div>\n\t\t\t\t<div class=\"elementor-element elementor-element-aca1076 elementor-widget__width-initial elementor-widget elementor-widget-text-editor\" data-id=\"aca1076\" data-element_type=\"widget\" data-widget_type=\"text-editor.default\">\n\t\t\t\t\t\t\t\t\t<p>Conoce m\u00e1s sobre la historia de nuestro taller de cocina en Castellbisbal, Barcelona<\/p>\n\t\t\t\t\t\t\t\t<\/div>\n\t\t\t\t<\/div>\n\t\t\t\t\t<\/div>\n\t\t\t\t<\/div>\n\t\t<div class=\"elementor-element elementor-element-2cca285 e-con-full e-flex e-con e-child\" data-id=\"2cca285\" data-element_type=\"container\">\n\t\t\t\t<div class=\"elementor-element elementor-element-3793a20 elementor-hidden-desktop elementor-hidden-tablet elementor-widget elementor-widget-image\" data-id=\"3793a20\" data-element_type=\"widget\" data-widget_type=\"image.default\">\n\t\t\t\t\t\t\t\t\t\t\t\t\t\t\t<img fetchpriority=\"high\" decoding=\"async\" width=\"940\" height=\"813\" src=\"https:\/\/aulari.cat\/wp-content\/uploads\/2023\/10\/XESCo-e1768498891231.jpg\" class=\"attachment-full size-full wp-image-952\" alt=\"\" srcset=\"https:\/\/aulari.cat\/wp-content\/uploads\/2023\/10\/XESCo-e1768498891231.jpg 940w, https:\/\/aulari.cat\/wp-content\/uploads\/2023\/10\/XESCo-e1768498891231-300x259.jpg 300w, https:\/\/aulari.cat\/wp-content\/uploads\/2023\/10\/XESCo-e1768498891231-768x664.jpg 768w, https:\/\/aulari.cat\/wp-content\/uploads\/2023\/10\/XESCo-e1768498891231-600x519.jpg 600w\" sizes=\"(max-width: 940px) 100vw, 940px\" \/>\t\t\t\t\t\t\t\t\t\t\t\t\t\t\t<\/div>\n\t\t\t\t<\/div>\n\t\t\t\t\t<\/div>\n\t\t\t\t<\/div>\n\t\t<div class=\"elementor-element elementor-element-9ee6e87 e-flex e-con-boxed e-con e-parent\" data-id=\"9ee6e87\" data-element_type=\"container\">\n\t\t\t\t\t<div class=\"e-con-inner\">\n\t\t<div class=\"elementor-element elementor-element-a0faf0c e-con-full e-flex e-con e-child\" data-id=\"a0faf0c\" data-element_type=\"container\">\n\t\t\t\t<div class=\"elementor-element elementor-element-468188c elementor-widget__width-initial elementor-widget-mobile__width-inherit elementor-widget elementor-widget-image\" data-id=\"468188c\" data-element_type=\"widget\" data-widget_type=\"image.default\">\n\t\t\t\t\t\t\t\t\t\t\t\t\t\t\t<img decoding=\"async\" width=\"872\" height=\"669\" src=\"https:\/\/aulari.cat\/wp-content\/uploads\/2023\/10\/CEVICHE-1-e1717687580552.jpg\" class=\"attachment-full size-full wp-image-1000\" alt=\"\" srcset=\"https:\/\/aulari.cat\/wp-content\/uploads\/2023\/10\/CEVICHE-1-e1717687580552.jpg 872w, https:\/\/aulari.cat\/wp-content\/uploads\/2023\/10\/CEVICHE-1-e1717687580552-300x230.jpg 300w, https:\/\/aulari.cat\/wp-content\/uploads\/2023\/10\/CEVICHE-1-e1717687580552-768x589.jpg 768w, https:\/\/aulari.cat\/wp-content\/uploads\/2023\/10\/CEVICHE-1-e1717687580552-600x460.jpg 600w\" sizes=\"(max-width: 872px) 100vw, 872px\" \/>\t\t\t\t\t\t\t\t\t\t\t\t\t\t\t<\/div>\n\t\t\t\t<div class=\"elementor-element elementor-element-bbdbeb2 elementor-widget__width-initial elementor-hidden-mobile elementor-widget elementor-widget-image\" data-id=\"bbdbeb2\" data-element_type=\"widget\" data-widget_type=\"image.default\">\n\t\t\t\t\t\t\t\t\t\t\t\t\t\t\t<img decoding=\"async\" width=\"624\" height=\"1024\" src=\"https:\/\/aulari.cat\/wp-content\/uploads\/2023\/10\/tapes-1-624x1024.jpg\" class=\"attachment-large size-large wp-image-1004\" alt=\"\" srcset=\"https:\/\/aulari.cat\/wp-content\/uploads\/2023\/10\/tapes-1-624x1024.jpg 624w, https:\/\/aulari.cat\/wp-content\/uploads\/2023\/10\/tapes-1-183x300.jpg 183w, https:\/\/aulari.cat\/wp-content\/uploads\/2023\/10\/tapes-1-768x1261.jpg 768w, https:\/\/aulari.cat\/wp-content\/uploads\/2023\/10\/tapes-1-935x1536.jpg 935w, https:\/\/aulari.cat\/wp-content\/uploads\/2023\/10\/tapes-1-1247x2048.jpg 1247w, https:\/\/aulari.cat\/wp-content\/uploads\/2023\/10\/tapes-1-600x985.jpg 600w, https:\/\/aulari.cat\/wp-content\/uploads\/2023\/10\/tapes-1.jpg 1500w\" sizes=\"(max-width: 624px) 100vw, 624px\" \/>\t\t\t\t\t\t\t\t\t\t\t\t\t\t\t<\/div>\n\t\t\t\t<\/div>\n\t\t<div class=\"elementor-element elementor-element-84c0c4a e-con-full e-flex e-con e-child\" data-id=\"84c0c4a\" data-element_type=\"container\">\n\t\t\t\t<div class=\"elementor-element elementor-element-5a6c5e8 elementor-widget elementor-widget-heading\" data-id=\"5a6c5e8\" data-element_type=\"widget\" data-widget_type=\"heading.default\">\n\t\t\t\t\t<h2 class=\"elementor-heading-title elementor-size-default\">Pasi\u00f3n por la gastronom\u00eda<\/h2>\t\t\t\t<\/div>\n\t\t\t\t<div class=\"elementor-element elementor-element-b7a1e8d elementor-widget elementor-widget-text-editor\" data-id=\"b7a1e8d\" data-element_type=\"widget\" data-widget_type=\"text-editor.default\">\n\t\t\t\t\t\t\t\t\t<p>Aulari Taller de Cocina nace como un espacio dedicado a la formaci\u00f3n l\u00fadica por aficionados a la gastronom\u00eda pero tambi\u00e9n re\u00fane las caracter\u00edsticas necesarias para la realizaci\u00f3n de otras actividades. Es un plat\u00f3 ideal para rodajes o sesiones fotogr\u00e1ficas, un lugar adecuado para tertulias alrededor de una mesa, para cenas, celebraciones privadas o cata de vinos y para la realizaci\u00f3n de todo tipo de talleres relacionados con la cocina.<\/p>\n\t\t\t\t\t\t\t\t<\/div>\n\t\t\t\t<\/div>\n\t\t\t\t\t<\/div>\n\t\t\t\t<\/div>\n\t\t<div class=\"elementor-element elementor-element-f39c83b e-flex e-con-boxed e-con e-parent\" data-id=\"f39c83b\" data-element_type=\"container\">\n\t\t\t\t\t<div class=\"e-con-inner\">\n\t\t<div class=\"elementor-element elementor-element-b5eaeb6 e-con-full e-flex e-con e-child\" data-id=\"b5eaeb6\" data-element_type=\"container\">\n\t\t\t\t<div class=\"elementor-element elementor-element-4c50b5e elementor-widget elementor-widget-heading\" data-id=\"4c50b5e\" data-element_type=\"widget\" data-widget_type=\"heading.default\">\n\t\t\t\t\t<h2 class=\"elementor-heading-title elementor-size-default\">Disfruta de una experiencia \u00fanica<\/h2>\t\t\t\t<\/div>\n\t\t\t\t<div class=\"elementor-element elementor-element-d007f05 elementor-widget elementor-widget-text-editor\" data-id=\"d007f05\" data-element_type=\"widget\" data-widget_type=\"text-editor.default\">\n\t\t\t\t\t\t\t\t\t<p>Disponemos de un amplio repertorio de talleres de cocina que se imparten en d\u00edas laborables de 19:00 a 21:30: taller de arroces, tapas y aperitivos, cocina de temporada, elaboraci\u00f3n de butifarras, sushi, pasteler\u00eda, t\u00e1rtaros y ceviches, de cocina catalana, &#8230;<\/p>\n<p>Colaboramos con marcas para la promoci\u00f3n y presentaci\u00f3n de sus productos, dise\u00f1ando ofertas a medida, realizando demostraciones, charlas y catas de producto.<\/p>\n\t\t\t\t\t\t\t\t<\/div>\n\t\t\t\t<\/div>\n\t\t<div class=\"elementor-element elementor-element-e405356 e-con-full e-flex e-con e-child\" data-id=\"e405356\" data-element_type=\"container\">\n\t\t\t\t<div class=\"elementor-element elementor-element-0b7045c elementor-widget elementor-widget-image\" data-id=\"0b7045c\" data-element_type=\"widget\" data-widget_type=\"image.default\">\n\t\t\t\t\t\t\t\t\t\t\t\t\t\t\t<img loading=\"lazy\" decoding=\"async\" width=\"800\" height=\"534\" src=\"https:\/\/aulari.cat\/wp-content\/uploads\/2023\/10\/taula-1024x683.jpg\" class=\"attachment-large size-large wp-image-965\" alt=\"\" srcset=\"https:\/\/aulari.cat\/wp-content\/uploads\/2023\/10\/taula-1024x683.jpg 1024w, https:\/\/aulari.cat\/wp-content\/uploads\/2023\/10\/taula-300x200.jpg 300w, https:\/\/aulari.cat\/wp-content\/uploads\/2023\/10\/taula-768x512.jpg 768w, https:\/\/aulari.cat\/wp-content\/uploads\/2023\/10\/taula-600x400.jpg 600w, https:\/\/aulari.cat\/wp-content\/uploads\/2023\/10\/taula.jpg 1500w\" sizes=\"(max-width: 800px) 100vw, 800px\" \/>\t\t\t\t\t\t\t\t\t\t\t\t\t\t\t<\/div>\n\t\t\t\t<\/div>\n\t\t\t\t\t<\/div>\n\t\t\t\t<\/div>\n\t\t<div class=\"elementor-element elementor-element-d55067d e-flex e-con-boxed e-con e-parent\" data-id=\"d55067d\" data-element_type=\"container\" data-settings=\"{&quot;background_background&quot;:&quot;classic&quot;}\">\n\t\t\t\t\t<div class=\"e-con-inner\">\n\t\t<div class=\"elementor-element elementor-element-d889588 e-con-full elementor-hidden-mobile e-flex e-con e-child\" data-id=\"d889588\" data-element_type=\"container\">\n\t\t\t\t<\/div>\n\t\t<div class=\"elementor-element elementor-element-a05c311 e-con-full e-flex e-con e-child\" data-id=\"a05c311\" data-element_type=\"container\">\n\t\t\t\t<div class=\"elementor-element elementor-element-02fd82e elementor-widget elementor-widget-heading\" data-id=\"02fd82e\" data-element_type=\"widget\" data-widget_type=\"heading.default\">\n\t\t\t\t\t<h2 class=\"elementor-heading-title elementor-size-default\">Al lado del<\/h2>\t\t\t\t<\/div>\n\t\t\t\t<div class=\"elementor-element elementor-element-2e738ca elementor-widget elementor-widget-heading\" data-id=\"2e738ca\" data-element_type=\"widget\" data-widget_type=\"heading.default\">\n\t\t\t\t\t<h3 class=\"elementor-heading-title elementor-size-default\">Restaurante Ca l'Esteve<\/h3>\t\t\t\t<\/div>\n\t\t\t\t<div class=\"elementor-element elementor-element-f51f58a elementor-widget elementor-widget-text-editor\" data-id=\"f51f58a\" data-element_type=\"widget\" data-widget_type=\"text-editor.default\">\n\t\t\t\t\t\t\t\t\t<p>Nos avala una larga trayectoria en el mundo de la ense\u00f1anza profesional y aficionada al mundo de la gastronom\u00eda. Despu\u00e9s de muchos a\u00f1os dedicados a la restauraci\u00f3n, a la cocina profesional ya la ense\u00f1anza hemos decidido poner en marcha nuestro propio espacio, un aula de cocina o poder satisfacer positivamente las necesidades de nuestros clientes.<\/p>\n<p>Nuestro compromiso es trasladar la esencia y la pasi\u00f3n propias de este c\u00e9lebre restaurante a las cocinas de nuestro taller de cocina en Castellbisbal, Barcelona, donde pretendemos formar una nueva generaci\u00f3n de amantes de la gastronom\u00eda para que nuestro sello vaya pasando de generaci\u00f3n a generaci\u00f3n.<\/p>\n<p><strong>Contacta con nosotros y te informamos de todo!<\/strong><\/p>\n\t\t\t\t\t\t\t\t<\/div>\n\t\t\t\t<div class=\"elementor-element elementor-element-6c1cbd3 elementor-widget elementor-widget-button\" data-id=\"6c1cbd3\" data-element_type=\"widget\" data-widget_type=\"button.default\">\n\t\t\t\t\t\t\t\t\t\t<a class=\"elementor-button elementor-button-link elementor-size-sm\" href=\"#\">\n\t\t\t\t\t\t<span class=\"elementor-button-content-wrapper\">\n\t\t\t\t\t\t\t\t\t<span class=\"elementor-button-text\">contacta ahora<\/span>\n\t\t\t\t\t<\/span>\n\t\t\t\t\t<\/a>\n\t\t\t\t\t\t\t\t<\/div>\n\t\t\t\t<div class=\"elementor-element elementor-element-dde00b5 elementor-hidden-desktop elementor-hidden-tablet elementor-widget elementor-widget-image\" data-id=\"dde00b5\" data-element_type=\"widget\" data-widget_type=\"image.default\">\n\t\t\t\t\t\t\t\t\t\t\t\t\t\t\t<img loading=\"lazy\" decoding=\"async\" width=\"800\" height=\"546\" src=\"https:\/\/aulari.cat\/wp-content\/uploads\/2023\/10\/restaurant-ca-lesteve.jpg\" class=\"attachment-large size-large wp-image-208\" alt=\"\" srcset=\"https:\/\/aulari.cat\/wp-content\/uploads\/2023\/10\/restaurant-ca-lesteve.jpg 945w, https:\/\/aulari.cat\/wp-content\/uploads\/2023\/10\/restaurant-ca-lesteve-300x205.jpg 300w, https:\/\/aulari.cat\/wp-content\/uploads\/2023\/10\/restaurant-ca-lesteve-768x524.jpg 768w, https:\/\/aulari.cat\/wp-content\/uploads\/2023\/10\/restaurant-ca-lesteve-600x410.jpg 600w\" sizes=\"(max-width: 800px) 100vw, 800px\" \/>\t\t\t\t\t\t\t\t\t\t\t\t\t\t\t<\/div>\n\t\t\t\t<\/div>\n\t\t\t\t\t<\/div>\n\t\t\t\t<\/div>\n\t\t<div class=\"elementor-element elementor-element-34093f2 e-flex e-con-boxed e-con e-parent\" data-id=\"34093f2\" data-element_type=\"container\" data-settings=\"{&quot;background_background&quot;:&quot;classic&quot;}\">\n\t\t\t\t\t<div class=\"e-con-inner\">\n\t\t\t\t<div class=\"elementor-element elementor-element-360fcb0 elementor-widget__width-initial elementor-widget-tablet__width-inherit elementor-widget elementor-widget-text-editor\" data-id=\"360fcb0\" data-element_type=\"widget\" data-widget_type=\"text-editor.default\">\n\t\t\t\t\t\t\t\t\t<p>Explora nuestra galer\u00eda de im\u00e1genes, una colecci\u00f3n de capturas \u00fanicas que revelan emocionantes momentos gastron\u00f3micos. <strong>Capturando la esencia de las experiencias de nuestros alumnos en showcookings, team buildings y eventos culinarios especiales.<\/strong><\/p>\n<p>Ad\u00e9ntrate en esta experiencia gastron\u00f3mica inolvidable.<\/p>\n\t\t\t\t\t\t\t\t<\/div>\n\t\t\t\t<div class=\"elementor-element elementor-element-d72034d elementor-widget elementor-widget-button\" data-id=\"d72034d\" data-element_type=\"widget\" data-widget_type=\"button.default\">\n\t\t\t\t\t\t\t\t\t\t<a class=\"elementor-button elementor-button-link elementor-size-sm\" href=\"https:\/\/aulari.cat\/es\/galeria\/\">\n\t\t\t\t\t\t<span class=\"elementor-button-content-wrapper\">\n\t\t\t\t\t\t\t\t\t<span class=\"elementor-button-text\">ver galer\u00eda<\/span>\n\t\t\t\t\t<\/span>\n\t\t\t\t\t<\/a>\n\t\t\t\t\t\t\t\t<\/div>\n\t\t\t\t\t<\/div>\n\t\t\t\t<\/div>\n\t\t\t\t<\/div>\n\t\t","protected":false},"excerpt":{"rendered":"<p>Qui\u00e9nes somos Conoce m\u00e1s sobre la historia de nuestro taller de cocina en Castellbisbal, Barcelona Pasi\u00f3n por la gastronom\u00eda Aulari Taller de Cocina nace como un espacio dedicado a la [&hellip;]<\/p>\n","protected":false},"author":1,"featured_media":0,"parent":0,"menu_order":0,"comment_status":"closed","ping_status":"closed","template":"","meta":{"_acf_changed":false,"_price":"","_stock":"","_tribe_ticket_header":"","_tribe_default_ticket_provider":"","_tribe_ticket_capacity":"0","_ticket_start_date":"","_ticket_end_date":"","_tribe_ticket_show_description":"","_tribe_ticket_show_not_going":false,"_tribe_ticket_use_global_stock":"","_tribe_ticket_global_stock_level":"","_global_stock_mode":"","_global_stock_cap":"","_tribe_rsvp_for_event":"","_tribe_ticket_going_count":"","_tribe_ticket_not_going_count":"","_tribe_tickets_list":"[]","_tribe_ticket_has_attendee_info_fields":false,"footnotes":""},"class_list":["post-919","page","type-page","status-publish","hentry"],"acf":[],"yoast_head":"<!-- This site is optimized with the Yoast SEO plugin v24.3 - https:\/\/yoast.com\/wordpress\/plugins\/seo\/ -->\n<title>Qui\u00e9nes somos - aulari<\/title>\n<meta name=\"robots\" content=\"index, follow, max-snippet:-1, max-image-preview:large, max-video-preview:-1\" \/>\n<link rel=\"canonical\" href=\"https:\/\/aulari.cat\/es\/quienes-somos\/\" \/>\n<meta property=\"og:locale\" content=\"es_ES\" \/>\n<meta property=\"og:type\" content=\"article\" \/>\n<meta property=\"og:title\" content=\"Qui\u00e9nes somos - aulari\" \/>\n<meta property=\"og:description\" content=\"Qui\u00e9nes somos Conoce m\u00e1s sobre la historia de nuestro taller de cocina en Castellbisbal, Barcelona Pasi\u00f3n por la gastronom\u00eda Aulari Taller de Cocina nace como un espacio dedicado a la [&hellip;]\" \/>\n<meta property=\"og:url\" content=\"https:\/\/aulari.cat\/es\/quienes-somos\/\" \/>\n<meta property=\"og:site_name\" content=\"aulari\" \/>\n<meta property=\"article:modified_time\" content=\"2025-01-28T10:32:00+00:00\" \/>\n<meta property=\"og:image\" content=\"https:\/\/aulari.cat\/wp-content\/uploads\/2023\/10\/XESCo-e1768498891231.jpg\" \/>\n\t<meta property=\"og:image:width\" content=\"940\" \/>\n\t<meta property=\"og:image:height\" content=\"813\" \/>\n\t<meta property=\"og:image:type\" content=\"image\/jpeg\" \/>\n<meta name=\"twitter:card\" content=\"summary_large_image\" \/>\n<meta name=\"twitter:label1\" content=\"Tiempo de lectura\" \/>\n\t<meta name=\"twitter:data1\" content=\"2 minutos\" \/>\n<script type=\"application\/ld+json\" class=\"yoast-schema-graph\">{\"@context\":\"https:\/\/schema.org\",\"@graph\":[{\"@type\":\"WebPage\",\"@id\":\"https:\/\/aulari.cat\/es\/quienes-somos\/\",\"url\":\"https:\/\/aulari.cat\/es\/quienes-somos\/\",\"name\":\"Qui\u00e9nes somos - aulari\",\"isPartOf\":{\"@id\":\"https:\/\/aulari.cat\/#website\"},\"primaryImageOfPage\":{\"@id\":\"https:\/\/aulari.cat\/es\/quienes-somos\/#primaryimage\"},\"image\":{\"@id\":\"https:\/\/aulari.cat\/es\/quienes-somos\/#primaryimage\"},\"thumbnailUrl\":\"https:\/\/aulari.cat\/wp-content\/uploads\/2023\/10\/XESCo.jpg\",\"datePublished\":\"2023-10-02T06:19:56+00:00\",\"dateModified\":\"2025-01-28T10:32:00+00:00\",\"breadcrumb\":{\"@id\":\"https:\/\/aulari.cat\/es\/quienes-somos\/#breadcrumb\"},\"inLanguage\":\"es\",\"potentialAction\":[{\"@type\":\"ReadAction\",\"target\":[\"https:\/\/aulari.cat\/es\/quienes-somos\/\"]}]},{\"@type\":\"ImageObject\",\"inLanguage\":\"es\",\"@id\":\"https:\/\/aulari.cat\/es\/quienes-somos\/#primaryimage\",\"url\":\"https:\/\/aulari.cat\/wp-content\/uploads\/2023\/10\/XESCo.jpg\",\"contentUrl\":\"https:\/\/aulari.cat\/wp-content\/uploads\/2023\/10\/XESCo.jpg\"},{\"@type\":\"BreadcrumbList\",\"@id\":\"https:\/\/aulari.cat\/es\/quienes-somos\/#breadcrumb\",\"itemListElement\":[{\"@type\":\"ListItem\",\"position\":1,\"name\":\"Inici\",\"item\":\"https:\/\/aulari.cat\/es\/inicio\/\"},{\"@type\":\"ListItem\",\"position\":2,\"name\":\"Qui\u00e9nes somos\"}]},{\"@type\":\"WebSite\",\"@id\":\"https:\/\/aulari.cat\/#website\",\"url\":\"https:\/\/aulari.cat\/\",\"name\":\"Taller de cuina Aulari\",\"description\":\"Taller de cuina\",\"publisher\":{\"@id\":\"https:\/\/aulari.cat\/#organization\"},\"potentialAction\":[{\"@type\":\"SearchAction\",\"target\":{\"@type\":\"EntryPoint\",\"urlTemplate\":\"https:\/\/aulari.cat\/?s={search_term_string}\"},\"query-input\":{\"@type\":\"PropertyValueSpecification\",\"valueRequired\":true,\"valueName\":\"search_term_string\"}}],\"inLanguage\":\"es\"},{\"@type\":\"Organization\",\"@id\":\"https:\/\/aulari.cat\/#organization\",\"name\":\"aulari\",\"url\":\"https:\/\/aulari.cat\/\",\"logo\":{\"@type\":\"ImageObject\",\"inLanguage\":\"es\",\"@id\":\"https:\/\/aulari.cat\/#\/schema\/logo\/image\/\",\"url\":\"https:\/\/aulari.cat\/wp-content\/uploads\/2023\/09\/logo-aulari-taller-de-cuina.png\",\"contentUrl\":\"https:\/\/aulari.cat\/wp-content\/uploads\/2023\/09\/logo-aulari-taller-de-cuina.png\",\"width\":198,\"height\":115,\"caption\":\"aulari\"},\"image\":{\"@id\":\"https:\/\/aulari.cat\/#\/schema\/logo\/image\/\"},\"sameAs\":[\"https:\/\/www.instagram.com\/aularitaller\"]}]}<\/script>\n<!-- \/ Yoast SEO plugin. -->","yoast_head_json":{"title":"Qui\u00e9nes somos - aulari","robots":{"index":"index","follow":"follow","max-snippet":"max-snippet:-1","max-image-preview":"max-image-preview:large","max-video-preview":"max-video-preview:-1"},"canonical":"https:\/\/aulari.cat\/es\/quienes-somos\/","og_locale":"es_ES","og_type":"article","og_title":"Qui\u00e9nes somos - aulari","og_description":"Qui\u00e9nes somos Conoce m\u00e1s sobre la historia de nuestro taller de cocina en Castellbisbal, Barcelona Pasi\u00f3n por la gastronom\u00eda Aulari Taller de Cocina nace como un espacio dedicado a la [&hellip;]","og_url":"https:\/\/aulari.cat\/es\/quienes-somos\/","og_site_name":"aulari","article_modified_time":"2025-01-28T10:32:00+00:00","og_image":[{"width":940,"height":813,"url":"https:\/\/aulari.cat\/wp-content\/uploads\/2023\/10\/XESCo-e1768498891231.jpg","type":"image\/jpeg"}],"twitter_card":"summary_large_image","twitter_misc":{"Tiempo de lectura":"2 minutos"},"schema":{"@context":"https:\/\/schema.org","@graph":[{"@type":"WebPage","@id":"https:\/\/aulari.cat\/es\/quienes-somos\/","url":"https:\/\/aulari.cat\/es\/quienes-somos\/","name":"Qui\u00e9nes somos - aulari","isPartOf":{"@id":"https:\/\/aulari.cat\/#website"},"primaryImageOfPage":{"@id":"https:\/\/aulari.cat\/es\/quienes-somos\/#primaryimage"},"image":{"@id":"https:\/\/aulari.cat\/es\/quienes-somos\/#primaryimage"},"thumbnailUrl":"https:\/\/aulari.cat\/wp-content\/uploads\/2023\/10\/XESCo.jpg","datePublished":"2023-10-02T06:19:56+00:00","dateModified":"2025-01-28T10:32:00+00:00","breadcrumb":{"@id":"https:\/\/aulari.cat\/es\/quienes-somos\/#breadcrumb"},"inLanguage":"es","potentialAction":[{"@type":"ReadAction","target":["https:\/\/aulari.cat\/es\/quienes-somos\/"]}]},{"@type":"ImageObject","inLanguage":"es","@id":"https:\/\/aulari.cat\/es\/quienes-somos\/#primaryimage","url":"https:\/\/aulari.cat\/wp-content\/uploads\/2023\/10\/XESCo.jpg","contentUrl":"https:\/\/aulari.cat\/wp-content\/uploads\/2023\/10\/XESCo.jpg"},{"@type":"BreadcrumbList","@id":"https:\/\/aulari.cat\/es\/quienes-somos\/#breadcrumb","itemListElement":[{"@type":"ListItem","position":1,"name":"Inici","item":"https:\/\/aulari.cat\/es\/inicio\/"},{"@type":"ListItem","position":2,"name":"Qui\u00e9nes somos"}]},{"@type":"WebSite","@id":"https:\/\/aulari.cat\/#website","url":"https:\/\/aulari.cat\/","name":"Taller de cuina Aulari","description":"Taller de cuina","publisher":{"@id":"https:\/\/aulari.cat\/#organization"},"potentialAction":[{"@type":"SearchAction","target":{"@type":"EntryPoint","urlTemplate":"https:\/\/aulari.cat\/?s={search_term_string}"},"query-input":{"@type":"PropertyValueSpecification","valueRequired":true,"valueName":"search_term_string"}}],"inLanguage":"es"},{"@type":"Organization","@id":"https:\/\/aulari.cat\/#organization","name":"aulari","url":"https:\/\/aulari.cat\/","logo":{"@type":"ImageObject","inLanguage":"es","@id":"https:\/\/aulari.cat\/#\/schema\/logo\/image\/","url":"https:\/\/aulari.cat\/wp-content\/uploads\/2023\/09\/logo-aulari-taller-de-cuina.png","contentUrl":"https:\/\/aulari.cat\/wp-content\/uploads\/2023\/09\/logo-aulari-taller-de-cuina.png","width":198,"height":115,"caption":"aulari"},"image":{"@id":"https:\/\/aulari.cat\/#\/schema\/logo\/image\/"},"sameAs":["https:\/\/www.instagram.com\/aularitaller"]}]}},"_links":{"self":[{"href":"https:\/\/aulari.cat\/es\/wp-json\/wp\/v2\/pages\/919","targetHints":{"allow":["GET"]}}],"collection":[{"href":"https:\/\/aulari.cat\/es\/wp-json\/wp\/v2\/pages"}],"about":[{"href":"https:\/\/aulari.cat\/es\/wp-json\/wp\/v2\/types\/page"}],"author":[{"embeddable":true,"href":"https:\/\/aulari.cat\/es\/wp-json\/wp\/v2\/users\/1"}],"replies":[{"embeddable":true,"href":"https:\/\/aulari.cat\/es\/wp-json\/wp\/v2\/comments?post=919"}],"version-history":[{"count":5,"href":"https:\/\/aulari.cat\/es\/wp-json\/wp\/v2\/pages\/919\/revisions"}],"predecessor-version":[{"id":1705,"href":"https:\/\/aulari.cat\/es\/wp-json\/wp\/v2\/pages\/919\/revisions\/1705"}],"wp:attachment":[{"href":"https:\/\/aulari.cat\/es\/wp-json\/wp\/v2\/media?parent=919"}],"curies":[{"name":"wp","href":"https:\/\/api.w.org\/{rel}","templated":true}]}}